{"id":478,"date":"2017-11-04T15:48:44","date_gmt":"2017-11-04T14:48:44","guid":{"rendered":"https:\/\/studiaoswiata.pl\/?page_id=478"},"modified":"2018-07-23T15:29:41","modified_gmt":"2018-07-23T13:29:41","slug":"program","status":"publish","type":"page","link":"https:\/\/niania.pro\/pierwszapomoc\/program\/","title":{"rendered":"Program"},"content":{"rendered":"<section class=\"wpb-content-wrapper\"><p>[vc_row][vc_column][vc_custom_heading text=&#8221;Program&#8221; use_theme_fonts=&#8221;yes&#8221;][vc_column_text]<\/p>\n<table style=\"background: #f7f7f7;\">\n<tbody>\n<tr>\n<td style=\"padding: 10px;\"><strong>Lp.<\/strong><\/td>\n<td style=\"padding: 10px;\"><strong>Zakres tematyczny szkolenia<\/strong><\/td>\n<td style=\"padding: 10px;\"><\/td>\n<\/tr>\n<tr style=\"background: #f0f0f0;\">\n<td style=\"padding: 10px;\">\n<p align=\"center\">1.<\/p>\n<\/td>\n<td style=\"padding: 10px;\">Podstawy prawne udzielania pierwszej pomocy<\/td>\n<td style=\"padding: 10px;\">\n<p align=\"center\">4 godz.<\/p>\n<\/td>\n<\/tr>\n<tr>\n<td style=\"padding: 10px;\">\n<p align=\"center\">2.<\/p>\n<\/td>\n<td style=\"padding: 10px;\">Og\u00f3lne zasady post\u0119powania z dzie\u0107mi<\/td>\n<td style=\"padding: 10px;\"><\/td>\n<\/tr>\n<tr style=\"background: #f0f0f0;\">\n<td style=\"padding: 10px;\">\n<p align=\"center\">3.<\/p>\n<\/td>\n<td style=\"padding: 10px;\">Odmienno\u015bci anatomiczne i fizjologiczne dziecka<\/td>\n<td style=\"padding: 10px;\"><\/td>\n<\/tr>\n<tr>\n<td style=\"padding: 10px;\">\n<p align=\"center\">4.<\/p>\n<\/td>\n<td style=\"padding: 10px;\">Post\u0119powania na miejscu zdarzenia<\/td>\n<td style=\"padding: 10px;\"><\/td>\n<\/tr>\n<tr style=\"background: #f0f0f0;\">\n<td style=\"padding: 10px;\">\n<p align=\"center\">5.<\/p>\n<\/td>\n<td style=\"padding: 10px;\">Post\u0119powanie z osob\u0105 nieprzytomn\u0105<\/td>\n<td style=\"padding: 10px;\"><\/td>\n<\/tr>\n<tr>\n<td style=\"padding: 10px;\">\n<p align=\"center\">6.<\/p>\n<\/td>\n<td style=\"padding: 10px;\">Udzielanie pomocy w przypadku uraz\u00f3w: g\u0142owy, klatki piersiowej,<br \/>\nbrzucha, kr\u0119gos\u0142upa, ko\u0144czyn itp.,<\/td>\n<td style=\"padding: 10px;\"><\/td>\n<\/tr>\n<tr style=\"background: #f0f0f0;\">\n<td style=\"padding: 10px;\">\n<p align=\"center\">7.<\/p>\n<\/td>\n<td style=\"padding: 10px;\">\n<p align=\"left\">Udzielanie pomocy w przypadku: oparze\u0144, ran i krwotok\u00f3w, zad\u0142awie\u0144, zatru\u0107,<br \/>\ndrgawek, duszno\u015bci, gor\u0105czki itp.<\/p>\n<\/td>\n<td style=\"padding: 10px;\"><\/td>\n<\/tr>\n<tr>\n<td style=\"padding: 10px;\">\n<p align=\"center\">8.<\/p>\n<\/td>\n<td style=\"padding: 10px;\">Podstawowe zabiegi resuscytacyjne<\/td>\n<td style=\"padding: 10px;\"><\/td>\n<\/tr>\n<tr style=\"background: #f0f0f0;\">\n<td style=\"padding: 10px;\">\n<p align=\"center\">9.<\/p>\n<\/td>\n<td style=\"padding: 10px;\">Automatyczna defibrylacja zewn\u0119trzna<\/td>\n<td style=\"padding: 10px;\"><\/td>\n<\/tr>\n<tr>\n<td style=\"padding: 10px;\">\n<p align=\"center\">10.<\/p>\n<\/td>\n<td style=\"padding: 10px;\">Zespo\u0142u Nag\u0142ej \u015amierci \u0141\u00f3\u017ceczkowej u dzieci<\/td>\n<td style=\"padding: 10px;\"><\/td>\n<\/tr>\n<tr style=\"background: #f0f0f0;\">\n<td style=\"padding: 10px;\">\n<p align=\"center\">11.<\/p>\n<\/td>\n<td style=\"padding: 10px;\">Zaj\u0119cia praktyczne<\/td>\n<td style=\"padding: 10px;\">1 godz.<\/td>\n<\/tr>\n<tr>\n<td style=\"padding: 10px;\"><\/td>\n<td style=\"padding: 10px;\"><strong>RAZEM:<\/strong><\/td>\n<td style=\"padding: 10px;\"><strong>5 godz.<\/strong><\/td>\n<\/tr>\n<\/tbody>\n<\/table>\n<p>[\/vc_column_text][vc_column_text]Program zgodny z Ustaw\u0105 z dnia 4 lutego 2011 r. o opiece nad dzie\u0107mi w\u00a0wieku do lat 3 oraz Rozporz\u0105dzeniem Ministra Pracy i Polityki Spo\u0142ecznej z dnia 25 marca 2011 r. w sprawie zakresu program\u00f3w szkole\u0144 dla opiekuna w \u017c\u0142obku lub klubie dzieci\u0119cym, wolontariusza oraz opiekuna dziennego wraz z programem szkolenia i podaniem ilo\u015bci godzin.[\/vc_column_text][vc_empty_space][\/vc_column][\/vc_row]<\/p>\n<\/section>","protected":false},"excerpt":{"rendered":"<p>[vc_row][vc_column][vc_custom_heading text=&#8221;Program&#8221; use_theme_fonts=&#8221;yes&#8221;][vc_column_text] Lp. Zakres tematyczny szkolenia 1. Podstawy prawne udzielania pierwszej pomocy 4 godz. 2. Og\u00f3lne zasady post\u0119powania z dzie\u0107mi 3. Odmienno\u015bci anatomiczne i fizjologiczne dziecka 4. Post\u0119powania na miejscu zdarzenia 5. Post\u0119powanie z osob\u0105 nieprzytomn\u0105 6. Udzielanie pomocy w przypadku uraz\u00f3w: g\u0142owy, klatki piersiowej, brzucha, kr\u0119gos\u0142upa, ko\u0144czyn itp., 7. Udzielanie pomocy w przypadku: [&hellip;]<\/p>\n","protected":false},"author":1,"featured_media":0,"parent":0,"menu_order":0,"comment_status":"closed","ping_status":"closed","template":"","meta":{"footnotes":""},"class_list":["post-478","page","type-page","status-publish","hentry"],"_links":{"self":[{"href":"https:\/\/niania.pro\/pierwszapomoc\/wp-json\/wp\/v2\/pages\/478","targetHints":{"allow":["GET"]}}],"collection":[{"href":"https:\/\/niania.pro\/pierwszapomoc\/wp-json\/wp\/v2\/pages"}],"about":[{"href":"https:\/\/niania.pro\/pierwszapomoc\/wp-json\/wp\/v2\/types\/page"}],"author":[{"embeddable":true,"href":"https:\/\/niania.pro\/pierwszapomoc\/wp-json\/wp\/v2\/users\/1"}],"replies":[{"embeddable":true,"href":"https:\/\/niania.pro\/pierwszapomoc\/wp-json\/wp\/v2\/comments?post=478"}],"version-history":[{"count":14,"href":"https:\/\/niania.pro\/pierwszapomoc\/wp-json\/wp\/v2\/pages\/478\/revisions"}],"predecessor-version":[{"id":676,"href":"https:\/\/niania.pro\/pierwszapomoc\/wp-json\/wp\/v2\/pages\/478\/revisions\/676"}],"wp:attachment":[{"href":"https:\/\/niania.pro\/pierwszapomoc\/wp-json\/wp\/v2\/media?parent=478"}],"curies":[{"name":"wp","href":"https:\/\/api.w.org\/{rel}","templated":true}]}}